{"id":40567,"date":"2019-12-02T19:51:11","date_gmt":"2019-12-02T19:51:11","guid":{"rendered":"https:\/\/azurrental.com\/home\/"},"modified":"2026-03-08T10:17:48","modified_gmt":"2026-03-08T09:17:48","slug":"home","status":"publish","type":"page","link":"https:\/\/azurrental.com\/fr\/","title":{"rendered":"home"},"content":{"rendered":"<p>[et_pb_section fb_built=\u00a0\u00bb1&Prime; fullwidth=\u00a0\u00bbon\u00a0\u00bb _builder_version=\u00a0\u00bb4.16&Prime; global_colors_info=\u00a0\u00bb{}\u00a0\u00bb][et_pb_fullwidth_slider _builder_version=\u00a0\u00bb4.23.1&Prime; header_font=\u00a0\u00bbplayfairdisplay||||||||\u00a0\u00bb header_text_align=\u00a0\u00bbcenter\u00a0\u00bb header_text_color=\u00a0\u00bb#ffffff\u00a0\u00bb header_font_size=\u00a0\u00bb4em\u00a0\u00bb header_line_height=\u00a0\u00bb0.8em\u00a0\u00bb body_font=\u00a0\u00bb||||||||\u00a0\u00bb body_text_align=\u00a0\u00bbcenter\u00a0\u00bb background_image=\u00a0\u00bbhttps:\/\/azurrental.com\/wp-content\/uploads\/2026\/03\/Munier-2-slider.jpg\u00a0\u00bb background_enable_video_mp4=\u00a0\u00bboff\u00a0\u00bb custom_button=\u00a0\u00bbon\u00a0\u00bb button_text_size=\u00a0\u00bb14px\u00a0\u00bb button_text_color=\u00a0\u00bb#ffffff\u00a0\u00bb button_bg_color=\u00a0\u00bb#1e1e1e\u00a0\u00bb button_border_width=\u00a0\u00bb0px\u00a0\u00bb button_border_color=\u00a0\u00bb#000000&Prime; button_border_radius=\u00a0\u00bb0px\u00a0\u00bb button_font=\u00a0\u00bbArial|||on|||||\u00a0\u00bb button_alignment=\u00a0\u00bbcenter\u00a0\u00bb text_orientation=\u00a0\u00bbleft\u00a0\u00bb hover_enabled=\u00a0\u00bb0&Prime; body_text_shadow_style=\u00a0\u00bbpreset1&Prime; box_shadow_style_button=\u00a0\u00bbpreset3&Prime; global_colors_info=\u00a0\u00bb{}\u00a0\u00bb sticky_enabled=\u00a0\u00bb0&Prime;][et_pb_slide heading=\u00a0\u00bbLe Vingt-Six\u00a0\u00bb button_text=\u00a0\u00bbVoir maintenant\u00a0\u00bb button_link=\u00a0\u00bb@ET-DC@eyJkeW5hbWljIjp0cnVlLCJjb250ZW50IjoicG9zdF9saW5rX3VybF9wcm9wZXJ0eSIsInNldHRpbmdzIjp7InBvc3RfaWQiOiI5MzUyMSJ9fQ==@\u00a0\u00bb _builder_version=\u00a0\u00bb4.23.1&Prime; _dynamic_attributes=\u00a0\u00bbbutton_link\u00a0\u00bb background_enable_color=\u00a0\u00bboff\u00a0\u00bb use_background_color_gradient=\u00a0\u00bbon\u00a0\u00bb background_color_gradient_stops=\u00a0\u00bbrgba(0,0,0,0.25) 0%|rgba(0,0,0,0.25) 100%\u00a0\u00bb background_color_gradient_overlays_image=\u00a0\u00bbon\u00a0\u00bb background_color_gradient_start=\u00a0\u00bbrgba(0,0,0,0.25)\u00a0\u00bb background_color_gradient_end=\u00a0\u00bbrgba(0,0,0,0.25)\u00a0\u00bb background_image=\u00a0\u00bbhttps:\/\/azurrental.com\/wp-content\/uploads\/2026\/03\/Munier-2-slider.jpg\u00a0\u00bb background_enable_image=\u00a0\u00bbon\u00a0\u00bb hover_enabled=\u00a0\u00bb0&Prime; global_colors_info=\u00a0\u00bb{}\u00a0\u00bb sticky_transition=\u00a0\u00bbon\u00a0\u00bb sticky_enabled=\u00a0\u00bb0&Prime;]<\/p>\n<h1>\u00a0<\/h1>\n<h1 style=\"text-align: center;\">NEW<\/h1>\n<p>&nbsp;<\/p>\n<h1 style=\"text-align: center;\">Charmante villa pour six personnes avec vue mer panoramique \u00e0 Sainte-Maxime<\/h1>\n<p>[\/et_pb_slide][et_pb_slide heading=\u00a0\u00bbAloha\u00a0\u00bb button_text=\u00a0\u00bbVoir maintenant\u00a0\u00bb button_link=\u00a0\u00bb@ET-DC@eyJkeW5hbWljIjp0cnVlLCJjb250ZW50IjoicG9zdF9saW5rX3VybF9wcm9wZXJ0eSIsInNldHRpbmdzIjp7InBvc3RfaWQiOiI5MTMzNCJ9fQ==@\u00a0\u00bb _builder_version=\u00a0\u00bb4.23.1&Prime; _dynamic_attributes=\u00a0\u00bbbutton_link\u00a0\u00bb background_enable_color=\u00a0\u00bboff\u00a0\u00bb use_background_color_gradient=\u00a0\u00bbon\u00a0\u00bb background_color_gradient_stops=\u00a0\u00bbrgba(0,0,0,0.25) 0%|rgba(0,0,0,0.25) 100%\u00a0\u00bb background_color_gradient_overlays_image=\u00a0\u00bbon\u00a0\u00bb background_color_gradient_start=\u00a0\u00bbrgba(0,0,0,0.25)\u00a0\u00bb background_color_gradient_end=\u00a0\u00bbrgba(0,0,0,0.25)\u00a0\u00bb background_image=\u00a0\u00bbhttps:\/\/azurrental.com\/wp-content\/uploads\/2025\/10\/azr_LaCezanne-31-pano.jpg\u00a0\u00bb background_enable_image=\u00a0\u00bbon\u00a0\u00bb global_colors_info=\u00a0\u00bb{}\u00a0\u00bb sticky_transition=\u00a0\u00bbon\u00a0\u00bb]<\/p>\n<h1 style=\"text-align: center;\"><strong>Nouvelle offre<\/strong><\/h1>\n<h1 style=\"text-align: center;\">\u00ab\u00a0Domaine de la Nartelle\u00a0\u00bb<\/h1>\n<h1 style=\"text-align: center;\">Propri\u00e9t\u00e9 exceptionnelle \u00e0 Sainte-Maxime avec vue mer panoramique<\/h1>\n<p>[\/et_pb_slide][et_pb_slide heading=\u00a0\u00bbLa Bergerie\u00a0\u00bb button_text=\u00a0\u00bbD\u00e9tails\u00a0\u00bb button_link=\u00a0\u00bb@ET-DC@eyJkeW5hbWljIjp0cnVlLCJjb250ZW50IjoicG9zdF9saW5rX3VybF9wcm9wZXJ0eSIsInNldHRpbmdzIjp7InBvc3RfaWQiOiI4MDI5NSJ9fQ==@\u00a0\u00bb _builder_version=\u00a0\u00bb4.23.1&Prime; _dynamic_attributes=\u00a0\u00bbbutton_link\u00a0\u00bb _module_preset=\u00a0\u00bbdefault\u00a0\u00bb background_enable_color=\u00a0\u00bboff\u00a0\u00bb use_background_color_gradient=\u00a0\u00bbon\u00a0\u00bb background_color_gradient_stops=\u00a0\u00bbrgba(0,0,0,0.25) 0%|rgba(0,0,0,0.25) 100%\u00a0\u00bb background_color_gradient_overlays_image=\u00a0\u00bbon\u00a0\u00bb background_color_gradient_start=\u00a0\u00bbrgba(0,0,0,0.25)\u00a0\u00bb background_color_gradient_end=\u00a0\u00bbrgba(0,0,0,0.25)\u00a0\u00bb background_image=\u00a0\u00bbhttps:\/\/azurrental.com\/wp-content\/uploads\/2024\/05\/LaBergerie-slider.jpg\u00a0\u00bb background_enable_image=\u00a0\u00bbon\u00a0\u00bb global_colors_info=\u00a0\u00bb{}\u00a0\u00bb sticky_transition=\u00a0\u00bbon\u00a0\u00bb]<\/p>\n<h1 style=\"text-align: center;\">NOUVEAU<\/h1>\n<h1 style=\"text-align: center;\">\u00ab\u00a0coup de c\u0153ur\u00a0\u00bb<\/h1>\n<h1 style=\"text-align: center;\">Propri\u00e9t\u00e9 de r\u00eave avec un jardin spectaculaire, une architecture moderne<br \/>et des \u00e9quipements design de bon go\u00fbt<\/h1>\n<p>[\/et_pb_slide][et_pb_slide heading=\u00a0\u00bbLittle Kaanapali\u00a0\u00bb button_text=\u00a0\u00bbvoir maintenant\u00a0\u00bb button_link=\u00a0\u00bb@ET-DC@eyJkeW5hbWljIjp0cnVlLCJjb250ZW50IjoicG9zdF9saW5rX3VybF9wcm9wZXJ0eSIsInNldHRpbmdzIjp7InBvc3RfaWQiOiI4NjI5MyJ9fQ==@\u00a0\u00bb _builder_version=\u00a0\u00bb4.23.1&Prime; _dynamic_attributes=\u00a0\u00bbbutton_link\u00a0\u00bb _module_preset=\u00a0\u00bbdefault\u00a0\u00bb background_image=\u00a0\u00bbhttps:\/\/azurrental.com\/wp-content\/uploads\/2025\/03\/Kaanapali-2400-1-slider.jpg\u00a0\u00bb background_enable_image=\u00a0\u00bbon\u00a0\u00bb global_colors_info=\u00a0\u00bb{}\u00a0\u00bb sticky_transition=\u00a0\u00bbon\u00a0\u00bb]<\/p>\n<h2>\u00a0<\/h2>\n<h2 style=\"text-align: center;\"><strong>NOUVEAU<\/strong><\/h2>\n<h1 style=\"text-align: center;\"><strong><br \/>Domaine du Golfe<br \/>Sainte-Maxime<\/strong><\/h1>\n<p>&nbsp;<\/p>\n<h1 style=\"text-align: center;\">Villa moderne et spacieuse avec vue mer panoramique imprenable<br \/>pouvant accueillir jusqu&rsquo;\u00e0 14 personnes<\/h1>\n<h4>\u00a0<\/h4>\n<p>[\/et_pb_slide][et_pb_slide heading=\u00a0\u00bbIsella\u00a0\u00bb button_text=\u00a0\u00bbvoir maintenant\u00a0\u00bb button_link=\u00a0\u00bb@ET-DC@eyJkeW5hbWljIjp0cnVlLCJjb250ZW50IjoicG9zdF9saW5rX3VybF9wcm9wZXJ0eSIsInNldHRpbmdzIjp7InBvc3RfaWQiOiI4NDk2MSJ9fQ==@\u00a0\u00bb _builder_version=\u00a0\u00bb4.23.1&Prime; _dynamic_attributes=\u00a0\u00bbbutton_link\u00a0\u00bb _module_preset=\u00a0\u00bbdefault\u00a0\u00bb background_enable_color=\u00a0\u00bboff\u00a0\u00bb use_background_color_gradient=\u00a0\u00bbon\u00a0\u00bb background_color_gradient_stops=\u00a0\u00bbrgba(0,0,0,0.25) 0%|rgba(0,0,0,0.25) 100%\u00a0\u00bb background_color_gradient_overlays_image=\u00a0\u00bbon\u00a0\u00bb background_color_gradient_start=\u00a0\u00bbrgba(0,0,0,0.25)\u00a0\u00bb background_color_gradient_end=\u00a0\u00bbrgba(0,0,0,0.25)\u00a0\u00bb background_image=\u00a0\u00bbhttps:\/\/azurrental.com\/wp-content\/uploads\/2024\/12\/27_Pool-View-of-Bay-421-1.jpg\u00a0\u00bb background_enable_image=\u00a0\u00bbon\u00a0\u00bb global_colors_info=\u00a0\u00bb{}\u00a0\u00bb sticky_transition=\u00a0\u00bbon\u00a0\u00bb]<\/p>\n<h1>\u00a0<\/h1>\n<h1 style=\"text-align: center;\">NOUVEAU<\/h1>\n<h2 style=\"text-align: center;\">Magnifique propri\u00e9t\u00e9 avec vue mer panoramique dans une<br \/>situation privil\u00e9gi\u00e9e \u00e0 Sainte-Maxime<\/h2>\n<p>[\/et_pb_slide][et_pb_slide heading=\u00a0\u00bbPalmera\u00a0\u00bb button_text=\u00a0\u00bbvoir maintenant\u00a0\u00bb button_link=\u00a0\u00bb@ET-DC@eyJkeW5hbWljIjp0cnVlLCJjb250ZW50IjoicG9zdF9saW5rX3VybF9wcm9wZXJ0eSIsInNldHRpbmdzIjp7InBvc3RfaWQiOiI4ODk3NSJ9fQ==@\u00a0\u00bb _builder_version=\u00a0\u00bb4.23.1&Prime; _dynamic_attributes=\u00a0\u00bbbutton_link\u00a0\u00bb _module_preset=\u00a0\u00bbdefault\u00a0\u00bb background_enable_color=\u00a0\u00bboff\u00a0\u00bb use_background_color_gradient=\u00a0\u00bbon\u00a0\u00bb background_color_gradient_stops=\u00a0\u00bbrgba(0,0,0,0.25) 0%|rgba(0,0,0,0.25) 100%\u00a0\u00bb background_color_gradient_overlays_image=\u00a0\u00bbon\u00a0\u00bb background_color_gradient_start=\u00a0\u00bbrgba(0,0,0,0.25)\u00a0\u00bb background_color_gradient_end=\u00a0\u00bbrgba(0,0,0,0.25)\u00a0\u00bb background_image=\u00a0\u00bbhttps:\/\/azurrental.com\/wp-content\/uploads\/2025\/06\/ar_palmera_2400px-50-slider.jpg\u00a0\u00bb background_enable_image=\u00a0\u00bbon\u00a0\u00bb global_colors_info=\u00a0\u00bb{}\u00a0\u00bb sticky_transition=\u00a0\u00bbon\u00a0\u00bb]<\/p>\n<h1 style=\"text-align: center;\">NOUVEAU<\/h1>\n<h2 style=\"text-align: center;\">Domaine Les Rives de la Croisette<\/h2>\n<h1>\u00a0<\/h1>\n<h1 style=\"text-align: center;\">Magnifique propri\u00e9t\u00e9 avec vue mer<br \/>\u00e0 deux pas de la plage<\/h1>\n<p>&nbsp;<\/p>\n<p>[\/et_pb_slide][et_pb_slide heading=\u00a0\u00bbLa Mani\u00e8re\u00a0\u00bb button_text=\u00a0\u00bbvoir maintenant\u00a0\u00bb button_link=\u00a0\u00bb@ET-DC@eyJkeW5hbWljIjp0cnVlLCJjb250ZW50IjoicG9zdF9saW5rX3VybF9wcm9wZXJ0eSIsInNldHRpbmdzIjp7InBvc3RfaWQiOiI4NjU1NCJ9fQ==@\u00a0\u00bb _builder_version=\u00a0\u00bb4.23.1&Prime; _dynamic_attributes=\u00a0\u00bbbutton_link\u00a0\u00bb _module_preset=\u00a0\u00bbdefault\u00a0\u00bb background_enable_color=\u00a0\u00bboff\u00a0\u00bb use_background_color_gradient=\u00a0\u00bbon\u00a0\u00bb background_color_gradient_stops=\u00a0\u00bbrgba(0,0,0,0.25) 0%|rgba(0,0,0,0.25) 100%\u00a0\u00bb background_color_gradient_overlays_image=\u00a0\u00bbon\u00a0\u00bb background_color_gradient_start=\u00a0\u00bbrgba(0,0,0,0.25)\u00a0\u00bb background_color_gradient_end=\u00a0\u00bbrgba(0,0,0,0.25)\u00a0\u00bb background_image=\u00a0\u00bbhttps:\/\/azurrental.com\/wp-content\/uploads\/2025\/03\/azr_lamariniere_2400px-4-slider.jpg\u00a0\u00bb background_enable_image=\u00a0\u00bbon\u00a0\u00bb global_colors_info=\u00a0\u00bb{}\u00a0\u00bb sticky_transition=\u00a0\u00bbon\u00a0\u00bb]<\/p>\n<h1 style=\"text-align: center;\">NOUVEAU<\/h1>\n<h1 style=\"text-align: center;\">Sainte-Maxime<\/h1>\n<h1 style=\"text-align: center;\">Superbe villa r\u00e9nov\u00e9 avec un int\u00e9rieur de bon go\u00fbt, une vue magnifique sur la mer et \u00e0 quelques pas de la plage<\/h1>\n<h3>\u00a0<\/h3>\n<p>[\/et_pb_slide][et_pb_slide heading=\u00a0\u00bbIndigo\u00a0\u00bb button_text=\u00a0\u00bbD\u00e9tails\u00a0\u00bb button_link=\u00a0\u00bb@ET-DC@eyJkeW5hbWljIjp0cnVlLCJjb250ZW50IjoicG9zdF9saW5rX3VybF9wcm9wZXJ0eSIsInNldHRpbmdzIjp7InBvc3RfaWQiOiI3NzM0OSJ9fQ==@\u00a0\u00bb _builder_version=\u00a0\u00bb4.23.1&Prime; _dynamic_attributes=\u00a0\u00bbbutton_link\u00a0\u00bb background_enable_color=\u00a0\u00bboff\u00a0\u00bb use_background_color_gradient=\u00a0\u00bbon\u00a0\u00bb background_color_gradient_stops=\u00a0\u00bbrgba(0,0,0,0.25) 0%|rgba(0,0,0,0.25) 100%\u00a0\u00bb background_color_gradient_overlays_image=\u00a0\u00bbon\u00a0\u00bb background_color_gradient_start=\u00a0\u00bbrgba(0,0,0,0.25)\u00a0\u00bb background_color_gradient_end=\u00a0\u00bbrgba(0,0,0,0.25)\u00a0\u00bb background_image=\u00a0\u00bbhttps:\/\/azurrental.com\/wp-content\/uploads\/2024\/02\/Indigo-1024-17-slider.jpg\u00a0\u00bb background_enable_image=\u00a0\u00bbon\u00a0\u00bb global_colors_info=\u00a0\u00bb{}\u00a0\u00bb sticky_transition=\u00a0\u00bbon\u00a0\u00bb]<\/p>\n<h1> <\/h1>\n<h1 style=\"text-align: center;\">NOUVEAU<\/h1>\n<h1 style=\"text-align: center;\">Propri\u00e9t\u00e9 de r\u00eave \u00e0 Grimaud avec \u00e9quipements modernes et vue panoramique jusqu&rsquo;\u00e0 la baie de St. Tropez<br \/><\/h1>\n<p>[\/et_pb_slide][\/et_pb_fullwidth_slider][\/et_pb_section][et_pb_section fb_built=\u00a0\u00bb1&Prime; _builder_version=\u00a0\u00bb4.16&Prime; custom_margin=\u00a0\u00bb||0px\u00a0\u00bb custom_padding=\u00a0\u00bb||0px\u00a0\u00bb transparent_background=\u00a0\u00bboff\u00a0\u00bb global_colors_info=\u00a0\u00bb{}\u00a0\u00bb][et_pb_row _builder_version=\u00a0\u00bb4.16&Prime; background_size=\u00a0\u00bb%22%22initial%22%22&Prime; background_position=\u00a0\u00bb%22%22top_left%22%22&Prime; max_width=\u00a0\u00bb1160px\u00a0\u00bb use_custom_width=\u00a0\u00bbon\u00a0\u00bb custom_width_px=\u00a0\u00bb1160px\u00a0\u00bb global_colors_info=\u00a0\u00bb{}\u00a0\u00bb][et_pb_column type=\u00a0\u00bb4_4&Prime; _builder_version=\u00a0\u00bb4.16&Prime; custom_padding=\u00a0\u00bb|||\u00a0\u00bb global_colors_info=\u00a0\u00bb{}\u00a0\u00bb custom_padding__hover=\u00a0\u00bb|||\u00a0\u00bb][et_pb_cta title=\u00a0\u00bbGrand offre de propri\u00e9t\u00e9s et appartements luxueuses pour des vacances relaxantes sur la C\u00f4te d&apos;Azur.\u00a0\u00bb _builder_version=\u00a0\u00bb4.23.1&Prime; header_font=\u00a0\u00bbplayfairdisplay||||||||\u00a0\u00bb header_font_size=\u00a0\u00bb40&Prime; body_font_size=\u00a0\u00bb16&Prime; use_background_color=\u00a0\u00bboff\u00a0\u00bb background_position=\u00a0\u00bbtop_left\u00a0\u00bb background_layout=\u00a0\u00bblight\u00a0\u00bb header_font_size_tablet=\u00a0\u00bb32&Prime; header_font_size_phone=\u00a0\u00bb26&Prime; header_font_size_last_edited=\u00a0\u00bbon|phone\u00a0\u00bb use_border_color=\u00a0\u00bboff\u00a0\u00bb global_colors_info=\u00a0\u00bb{}\u00a0\u00bb button_text_size__hover_enabled=\u00a0\u00bboff\u00a0\u00bb button_text_size__hover=\u00a0\u00bbnull\u00a0\u00bb button_one_text_size__hover_enabled=\u00a0\u00bboff\u00a0\u00bb button_one_text_size__hover=\u00a0\u00bbnull\u00a0\u00bb button_two_text_size__hover_enabled=\u00a0\u00bboff\u00a0\u00bb button_two_text_size__hover=\u00a0\u00bbnull\u00a0\u00bb button_text_color__hover_enabled=\u00a0\u00bboff\u00a0\u00bb button_text_color__hover=\u00a0\u00bbnull\u00a0\u00bb button_one_text_color__hover_enabled=\u00a0\u00bboff\u00a0\u00bb button_one_text_color__hover=\u00a0\u00bbnull\u00a0\u00bb button_two_text_color__hover_enabled=\u00a0\u00bboff\u00a0\u00bb button_two_text_color__hover=\u00a0\u00bbnull\u00a0\u00bb button_border_width__hover_enabled=\u00a0\u00bboff\u00a0\u00bb button_border_width__hover=\u00a0\u00bbnull\u00a0\u00bb button_one_border_width__hover_enabled=\u00a0\u00bboff\u00a0\u00bb button_one_border_width__hover=\u00a0\u00bbnull\u00a0\u00bb button_two_border_width__hover_enabled=\u00a0\u00bboff\u00a0\u00bb button_two_border_width__hover=\u00a0\u00bbnull\u00a0\u00bb button_border_color__hover_enabled=\u00a0\u00bboff\u00a0\u00bb button_border_color__hover=\u00a0\u00bbnull\u00a0\u00bb button_one_border_color__hover_enabled=\u00a0\u00bboff\u00a0\u00bb button_one_border_color__hover=\u00a0\u00bbnull\u00a0\u00bb button_two_border_color__hover_enabled=\u00a0\u00bboff\u00a0\u00bb button_two_border_color__hover=\u00a0\u00bbnull\u00a0\u00bb button_border_radius__hover_enabled=\u00a0\u00bboff\u00a0\u00bb button_border_radius__hover=\u00a0\u00bbnull\u00a0\u00bb button_one_border_radius__hover_enabled=\u00a0\u00bboff\u00a0\u00bb button_one_border_radius__hover=\u00a0\u00bbnull\u00a0\u00bb button_two_border_radius__hover_enabled=\u00a0\u00bboff\u00a0\u00bb button_two_border_radius__hover=\u00a0\u00bbnull\u00a0\u00bb button_letter_spacing__hover_enabled=\u00a0\u00bbon\u00a0\u00bb button_letter_spacing__hover=\u00a0\u00bb0&Prime; button_one_letter_spacing__hover_enabled=\u00a0\u00bboff\u00a0\u00bb button_one_letter_spacing__hover=\u00a0\u00bbnull\u00a0\u00bb button_two_letter_spacing__hover_enabled=\u00a0\u00bboff\u00a0\u00bb button_two_letter_spacing__hover=\u00a0\u00bbnull\u00a0\u00bb button_bg_color__hover_enabled=\u00a0\u00bboff\u00a0\u00bb button_bg_color__hover=\u00a0\u00bbnull\u00a0\u00bb button_one_bg_color__hover_enabled=\u00a0\u00bboff\u00a0\u00bb button_one_bg_color__hover=\u00a0\u00bbnull\u00a0\u00bb button_two_bg_color__hover_enabled=\u00a0\u00bboff\u00a0\u00bb button_two_bg_color__hover=\u00a0\u00bbnull\u00a0\u00bb]<\/p>\n<p>Sur les pages suivantes, vous trouverez des informations sur le grand choix de propri\u00e9t\u00e9s priv\u00e9es de luxe dans le Golfe de Saint-Tropez que nous pouvons vous proposer en tant qu&rsquo;agence immobili\u00e8re. <br \/>Nous vous enverrons volontiers des descriptifs d\u00e9taill\u00e9s des diff\u00e9rentes offres.<br \/>Nous attendons votre demande avec impatience.<\/p>\n<p>[\/et_pb_cta][\/et_pb_column][\/et_pb_row][\/et_pb_section][et_pb_section fb_built=\u00a0\u00bb1&Prime; _builder_version=\u00a0\u00bb4.16&Prime; background_color=\u00a0\u00bb#ffffff\u00a0\u00bb global_colors_info=\u00a0\u00bb{}\u00a0\u00bb][et_pb_row _builder_version=\u00a0\u00bb4.16&Prime; custom_css_main_element=\u00a0\u00bbz-index: 200;\u00a0\u00bb global_colors_info=\u00a0\u00bb{}\u00a0\u00bb][et_pb_column type=\u00a0\u00bb4_4&Prime; _builder_version=\u00a0\u00bb4.16&Prime; custom_padding=\u00a0\u00bb|||\u00a0\u00bb global_colors_info=\u00a0\u00bb{}\u00a0\u00bb custom_padding__hover=\u00a0\u00bb|||\u00a0\u00bb][et_pb_b3_properties_search_cta title=\u00a0\u00bbOffre de propri\u00e9t\u00e9s\u00a0\u00bb button_text=\u00a0\u00bbErweiterte Suche\u00a0\u00bb _builder_version=\u00a0\u00bb4.16&Prime; global_colors_info=\u00a0\u00bb{}\u00a0\u00bb][\/et_pb_b3_properties_search_cta][\/et_pb_column][\/et_pb_row][et_pb_row _builder_version=\u00a0\u00bb4.16&Prime; global_colors_info=\u00a0\u00bb{}\u00a0\u00bb][et_pb_column type=\u00a0\u00bb4_4&Prime; _builder_version=\u00a0\u00bb4.16&Prime; global_colors_info=\u00a0\u00bb{}\u00a0\u00bb][et_pb_b3_properties properties_layout=\u00a0\u00bbnormal\u00a0\u00bb properties_filtering=\u00a0\u00bbon\u00a0\u00bb properties_layout_mode=\u00a0\u00bbon\u00a0\u00bb properties_region_filtering=\u00a0\u00bbon\u00a0\u00bb properties_price_filtering=\u00a0\u00bbon\u00a0\u00bb properties_display_pagination=\u00a0\u00bbon\u00a0\u00bb orderby=\u00a0\u00bbdate_desc\u00a0\u00bb count=\u00a0\u00bb50&Prime; disabled_on=\u00a0\u00bboff|off|off\u00a0\u00bb _builder_version=\u00a0\u00bb4.16&Prime; global_colors_info=\u00a0\u00bb{}\u00a0\u00bb][\/et_pb_b3_properties][\/et_pb_column][\/et_pb_row][\/et_pb_section]<\/p>\n","protected":false},"excerpt":{"rendered":"<p>\u00a0 NEW &nbsp; Charmante villa pour six personnes avec vue mer panoramique \u00e0 Sainte-MaximeNouvelle offre \u00ab\u00a0Domaine de la Nartelle\u00a0\u00bb Propri\u00e9t\u00e9 exceptionnelle \u00e0 Sainte-Maxime avec vue mer panoramiqueNOUVEAU \u00ab\u00a0coup de c\u0153ur\u00a0\u00bb Propri\u00e9t\u00e9 de r\u00eave avec un jardin spectaculaire, une architecture moderneet des \u00e9quipements design de bon go\u00fbt\u00a0 NOUVEAU Domaine du GolfeSainte-Maxime &nbsp; Villa moderne et spacieuse [&hellip;]<\/p>\n","protected":false},"author":1,"featured_media":51136,"parent":0,"menu_order":0,"comment_status":"closed","ping_status":"closed","template":"","meta":{"_acf_changed":false,"_et_pb_use_builder":"on","_et_pb_old_content":"","_et_gb_content_width":"","inline_featured_image":false,"footnotes":""},"class_list":["post-40567","page","type-page","status-publish","has-post-thumbnail","hentry"],"acf":[],"yoast_head":"<!-- This site is optimized with the Yoast SEO plugin v21.6 - https:\/\/yoast.com\/wordpress\/plugins\/seo\/ -->\n<title>home - Azurrental<\/title>\n<meta name=\"robots\" content=\"index, follow, max-snippet:-1, max-image-preview:large, max-video-preview:-1\" \/>\n<link rel=\"canonical\" href=\"https:\/\/azurrental.com\/fr\/\" \/>\n<meta property=\"og:locale\" content=\"fr_FR\" \/>\n<meta property=\"og:type\" content=\"article\" \/>\n<meta property=\"og:title\" content=\"home - Azurrental\" \/>\n<meta property=\"og:description\" content=\"\u00a0 NEW &nbsp; Charmante villa pour six personnes avec vue mer panoramique \u00e0 Sainte-MaximeNouvelle offre &quot;Domaine de la Nartelle&quot; Propri\u00e9t\u00e9 exceptionnelle \u00e0 Sainte-Maxime avec vue mer panoramiqueNOUVEAU &quot;coup de c\u0153ur&quot; Propri\u00e9t\u00e9 de r\u00eave avec un jardin spectaculaire, une architecture moderneet des \u00e9quipements design de bon go\u00fbt\u00a0 NOUVEAU Domaine du GolfeSainte-Maxime &nbsp; Villa moderne et spacieuse [&hellip;]\" \/>\n<meta property=\"og:url\" content=\"https:\/\/azurrental.com\/fr\/\" \/>\n<meta property=\"og:site_name\" content=\"Azurrental\" \/>\n<meta property=\"article:publisher\" content=\"https:\/\/www.facebook.com\/azurrentalcom\" \/>\n<meta property=\"article:modified_time\" content=\"2026-03-08T09:17:48+00:00\" \/>\n<meta property=\"og:image\" content=\"https:\/\/azurrental.com\/wp-content\/uploads\/2020\/07\/AdobeStock_334922458-1024x671.jpeg\" \/>\n\t<meta property=\"og:image:width\" content=\"1024\" \/>\n\t<meta property=\"og:image:height\" content=\"671\" \/>\n\t<meta property=\"og:image:type\" content=\"image\/jpeg\" \/>\n<meta name=\"twitter:card\" content=\"summary_large_image\" \/>\n<meta name=\"twitter:label1\" content=\"Dur\u00e9e de lecture estim\u00e9e\" \/>\n\t<meta name=\"twitter:data1\" content=\"3 minutes\" \/>\n<script type=\"application\/ld+json\" class=\"yoast-schema-graph\">{\"@context\":\"https:\/\/schema.org\",\"@graph\":[{\"@type\":\"WebPage\",\"@id\":\"https:\/\/azurrental.com\/fr\/\",\"url\":\"https:\/\/azurrental.com\/fr\/\",\"name\":\"home - Azurrental\",\"isPartOf\":{\"@id\":\"https:\/\/azurrental.com\/#website\"},\"datePublished\":\"2019-12-02T19:51:11+00:00\",\"dateModified\":\"2026-03-08T09:17:48+00:00\",\"breadcrumb\":{\"@id\":\"https:\/\/azurrental.com\/fr\/#breadcrumb\"},\"inLanguage\":\"fr-FR\",\"potentialAction\":[{\"@type\":\"ReadAction\",\"target\":[\"https:\/\/azurrental.com\/fr\/\"]}]},{\"@type\":\"BreadcrumbList\",\"@id\":\"https:\/\/azurrental.com\/fr\/#breadcrumb\",\"itemListElement\":[{\"@type\":\"ListItem\",\"position\":1,\"name\":\"Startseite\",\"item\":\"https:\/\/azurrental.com\/fr\/\"},{\"@type\":\"ListItem\",\"position\":2,\"name\":\"home\"}]},{\"@type\":\"WebSite\",\"@id\":\"https:\/\/azurrental.com\/#website\",\"url\":\"https:\/\/azurrental.com\/\",\"name\":\"Azurrental\",\"description\":\"Ambiance \u00e9l\u00e9gante et luxueuse pour des vacances reposantes dans le golfe de St. Tropez\",\"publisher\":{\"@id\":\"https:\/\/azurrental.com\/#organization\"},\"potentialAction\":[{\"@type\":\"SearchAction\",\"target\":{\"@type\":\"EntryPoint\",\"urlTemplate\":\"https:\/\/azurrental.com\/?s={search_term_string}\"},\"query-input\":\"required name=search_term_string\"}],\"inLanguage\":\"fr-FR\"},{\"@type\":\"Organization\",\"@id\":\"https:\/\/azurrental.com\/#organization\",\"name\":\"Azurrental\",\"url\":\"https:\/\/azurrental.com\/\",\"logo\":{\"@type\":\"ImageObject\",\"inLanguage\":\"fr-FR\",\"@id\":\"https:\/\/azurrental.com\/#\/schema\/logo\/image\/\",\"url\":\"https:\/\/azurrental.com\/wp-content\/uploads\/2018\/12\/Azurrental_logo-1.svg\",\"contentUrl\":\"https:\/\/azurrental.com\/wp-content\/uploads\/2018\/12\/Azurrental_logo-1.svg\",\"width\":1,\"height\":1,\"caption\":\"Azurrental\"},\"image\":{\"@id\":\"https:\/\/azurrental.com\/#\/schema\/logo\/image\/\"},\"sameAs\":[\"https:\/\/www.facebook.com\/azurrentalcom\",\"https:\/\/www.instagram.com\/azurrental\/\"]}]}<\/script>\n<!-- \/ Yoast SEO plugin. -->","yoast_head_json":{"title":"home - Azurrental","robots":{"index":"index","follow":"follow","max-snippet":"max-snippet:-1","max-image-preview":"max-image-preview:large","max-video-preview":"max-video-preview:-1"},"canonical":"https:\/\/azurrental.com\/fr\/","og_locale":"fr_FR","og_type":"article","og_title":"home - Azurrental","og_description":"\u00a0 NEW &nbsp; Charmante villa pour six personnes avec vue mer panoramique \u00e0 Sainte-MaximeNouvelle offre \"Domaine de la Nartelle\" Propri\u00e9t\u00e9 exceptionnelle \u00e0 Sainte-Maxime avec vue mer panoramiqueNOUVEAU \"coup de c\u0153ur\" Propri\u00e9t\u00e9 de r\u00eave avec un jardin spectaculaire, une architecture moderneet des \u00e9quipements design de bon go\u00fbt\u00a0 NOUVEAU Domaine du GolfeSainte-Maxime &nbsp; Villa moderne et spacieuse [&hellip;]","og_url":"https:\/\/azurrental.com\/fr\/","og_site_name":"Azurrental","article_publisher":"https:\/\/www.facebook.com\/azurrentalcom","article_modified_time":"2026-03-08T09:17:48+00:00","og_image":[{"width":1024,"height":671,"url":"https:\/\/azurrental.com\/wp-content\/uploads\/2020\/07\/AdobeStock_334922458-1024x671.jpeg","type":"image\/jpeg"}],"twitter_card":"summary_large_image","twitter_misc":{"Dur\u00e9e de lecture estim\u00e9e":"3 minutes"},"schema":{"@context":"https:\/\/schema.org","@graph":[{"@type":"WebPage","@id":"https:\/\/azurrental.com\/fr\/","url":"https:\/\/azurrental.com\/fr\/","name":"home - Azurrental","isPartOf":{"@id":"https:\/\/azurrental.com\/#website"},"datePublished":"2019-12-02T19:51:11+00:00","dateModified":"2026-03-08T09:17:48+00:00","breadcrumb":{"@id":"https:\/\/azurrental.com\/fr\/#breadcrumb"},"inLanguage":"fr-FR","potentialAction":[{"@type":"ReadAction","target":["https:\/\/azurrental.com\/fr\/"]}]},{"@type":"BreadcrumbList","@id":"https:\/\/azurrental.com\/fr\/#breadcrumb","itemListElement":[{"@type":"ListItem","position":1,"name":"Startseite","item":"https:\/\/azurrental.com\/fr\/"},{"@type":"ListItem","position":2,"name":"home"}]},{"@type":"WebSite","@id":"https:\/\/azurrental.com\/#website","url":"https:\/\/azurrental.com\/","name":"Azurrental","description":"Ambiance \u00e9l\u00e9gante et luxueuse pour des vacances reposantes dans le golfe de St. Tropez","publisher":{"@id":"https:\/\/azurrental.com\/#organization"},"potentialAction":[{"@type":"SearchAction","target":{"@type":"EntryPoint","urlTemplate":"https:\/\/azurrental.com\/?s={search_term_string}"},"query-input":"required name=search_term_string"}],"inLanguage":"fr-FR"},{"@type":"Organization","@id":"https:\/\/azurrental.com\/#organization","name":"Azurrental","url":"https:\/\/azurrental.com\/","logo":{"@type":"ImageObject","inLanguage":"fr-FR","@id":"https:\/\/azurrental.com\/#\/schema\/logo\/image\/","url":"https:\/\/azurrental.com\/wp-content\/uploads\/2018\/12\/Azurrental_logo-1.svg","contentUrl":"https:\/\/azurrental.com\/wp-content\/uploads\/2018\/12\/Azurrental_logo-1.svg","width":1,"height":1,"caption":"Azurrental"},"image":{"@id":"https:\/\/azurrental.com\/#\/schema\/logo\/image\/"},"sameAs":["https:\/\/www.facebook.com\/azurrentalcom","https:\/\/www.instagram.com\/azurrental\/"]}]}},"_links":{"self":[{"href":"https:\/\/azurrental.com\/fr\/wp-json\/wp\/v2\/pages\/40567","targetHints":{"allow":["GET"]}}],"collection":[{"href":"https:\/\/azurrental.com\/fr\/wp-json\/wp\/v2\/pages"}],"about":[{"href":"https:\/\/azurrental.com\/fr\/wp-json\/wp\/v2\/types\/page"}],"author":[{"embeddable":true,"href":"https:\/\/azurrental.com\/fr\/wp-json\/wp\/v2\/users\/1"}],"replies":[{"embeddable":true,"href":"https:\/\/azurrental.com\/fr\/wp-json\/wp\/v2\/comments?post=40567"}],"version-history":[{"count":289,"href":"https:\/\/azurrental.com\/fr\/wp-json\/wp\/v2\/pages\/40567\/revisions"}],"predecessor-version":[{"id":93769,"href":"https:\/\/azurrental.com\/fr\/wp-json\/wp\/v2\/pages\/40567\/revisions\/93769"}],"wp:featuredmedia":[{"embeddable":true,"href":"https:\/\/azurrental.com\/fr\/wp-json\/wp\/v2\/media\/51136"}],"wp:attachment":[{"href":"https:\/\/azurrental.com\/fr\/wp-json\/wp\/v2\/media?parent=40567"}],"curies":[{"name":"wp","href":"https:\/\/api.w.org\/{rel}","templated":true}]}}